{"id":3220,"date":"2024-03-27T11:34:11","date_gmt":"2024-03-27T11:34:11","guid":{"rendered":"https:\/\/vfmsfoundation.org\/sobre-nosotros\/gestion\/"},"modified":"2026-04-23T12:32:59","modified_gmt":"2026-04-23T12:32:59","slug":"global-management-isabel-carvajal","status":"publish","type":"page","link":"https:\/\/vfmsfoundation.org\/es\/global-management-isabel-carvajal\/","title":{"rendered":"DIRECCI\u00d3N"},"content":{"rendered":"\t\t<div data-elementor-type=\"wp-page\" data-elementor-id=\"3220\" class=\"elementor elementor-3220 elementor-754\" data-elementor-post-type=\"page\">\n\t\t\t\t\t\t<section class=\"elementor-section elementor-top-section elementor-element elementor-element-bb7b5a elementor-section-boxed elementor-section-height-default elementor-section-height-default\" data-id=\"bb7b5a\" data-element_type=\"section\">\n\t\t\t\t\t\t<div class=\"elementor-container elementor-column-gap-default\">\n\t\t\t\t\t<div class=\"elementor-column elementor-col-100 elementor-top-column elementor-element elementor-element-1bd0f9b\" data-id=\"1bd0f9b\" data-element_type=\"column\">\n\t\t\t<div class=\"elementor-widget-wrap elementor-element-populated\">\n\t\t\t\t\t\t<div class=\"elementor-element elementor-element-be89558 elementor-widget elementor-widget-heading\" data-id=\"be89558\" data-element_type=\"widget\" data-widget_type=\"heading.default\">\n\t\t\t\t<div class=\"elementor-widget-container\">\n\t\t\t<h1 class=\"elementor-heading-title elementor-size-default\">DIRECCI\u00d3N<\/h1>\t\t<\/div>\n\t\t\t\t<\/div>\n\t\t\t\t<div class=\"elementor-element elementor-element-5f44c11b elementor-hidden-desktop elementor-hidden-tablet elementor-hidden-mobile elementor-widget elementor-widget-image\" data-id=\"5f44c11b\" data-element_type=\"widget\" data-widget_type=\"image.default\">\n\t\t\t\t<div class=\"elementor-widget-container\">\n\t\t\t\t\t\t\t\t\t\t\t\t\t<img fetchpriority=\"high\" decoding=\"async\" width=\"460\" height=\"440\" src=\"https:\/\/vfmsfoundation.org\/wp-content\/uploads\/2024\/04\/global_team_m.png\" class=\"attachment-large size-large wp-image-1576\" alt=\"Heart global team\" srcset=\"https:\/\/vfmsfoundation.org\/wp-content\/uploads\/2024\/04\/global_team_m.png 460w, https:\/\/vfmsfoundation.org\/wp-content\/uploads\/2024\/04\/global_team_m-300x287.png 300w\" sizes=\"(max-width: 460px) 100vw, 460px\" \/>\t\t\t\t\t\t\t\t\t\t\t\t\t<\/div>\n\t\t\t\t<\/div>\n\t\t\t\t\t<\/div>\n\t\t<\/div>\n\t\t\t\t\t<\/div>\n\t\t<\/section>\n\t\t\t\t<section class=\"elementor-section elementor-top-section elementor-element elementor-element-53eeec90 elementor-section-boxed elementor-section-height-default elementor-section-height-default\" data-id=\"53eeec90\" data-element_type=\"section\">\n\t\t\t\t\t\t<div class=\"elementor-container elementor-column-gap-default\">\n\t\t\t\t\t<div class=\"elementor-column elementor-col-100 elementor-top-column elementor-element elementor-element-38ee3cb4\" data-id=\"38ee3cb4\" data-element_type=\"column\">\n\t\t\t<div class=\"elementor-widget-wrap elementor-element-populated\">\n\t\t\t\t\t\t<div class=\"elementor-element elementor-element-18c38c30 elementor-widget-divider--view-line elementor-widget elementor-widget-divider\" data-id=\"18c38c30\" data-element_type=\"widget\" data-widget_type=\"divider.default\">\n\t\t\t\t<div class=\"elementor-widget-container\">\n\t\t\t\t\t<div class=\"elementor-divider\">\n\t\t\t<span class=\"elementor-divider-separator\">\n\t\t\t\t\t\t<\/span>\n\t\t<\/div>\n\t\t\t\t<\/div>\n\t\t\t\t<\/div>\n\t\t\t\t<div class=\"elementor-element elementor-element-7a2146c elementor-tabs-view-vertical elementor-widget elementor-widget-tabs\" data-id=\"7a2146c\" data-element_type=\"widget\" data-widget_type=\"tabs.default\">\n\t\t\t\t<div class=\"elementor-widget-container\">\n\t\t\t\t\t<div class=\"elementor-tabs\">\n\t\t\t<div class=\"elementor-tabs-wrapper\" role=\"tablist\" >\n\t\t\t\t\t\t\t\t\t<div id=\"elementor-tab-title-1281\" class=\"elementor-tab-title elementor-tab-desktop-title\" aria-selected=\"true\" data-tab=\"1\" role=\"tab\" tabindex=\"0\" aria-controls=\"elementor-tab-content-1281\" aria-expanded=\"false\">CARVAJAL URQUIJO, ISABEL<\/div>\n\t\t\t\t\t\t\t\t\t<div id=\"elementor-tab-title-1282\" class=\"elementor-tab-title elementor-tab-desktop-title\" aria-selected=\"false\" data-tab=\"2\" role=\"tab\" tabindex=\"-1\" aria-controls=\"elementor-tab-content-1282\" aria-expanded=\"false\">BAXTER, JORGE<\/div>\n\t\t\t\t\t\t\t\t\t<div id=\"elementor-tab-title-1283\" class=\"elementor-tab-title elementor-tab-desktop-title\" aria-selected=\"false\" data-tab=\"3\" role=\"tab\" tabindex=\"-1\" aria-controls=\"elementor-tab-content-1283\" aria-expanded=\"false\">PERSAUD, JOHN<\/div>\n\t\t\t\t\t\t\t\t\t<div id=\"elementor-tab-title-1284\" class=\"elementor-tab-title elementor-tab-desktop-title\" aria-selected=\"false\" data-tab=\"4\" role=\"tab\" tabindex=\"-1\" aria-controls=\"elementor-tab-content-1284\" aria-expanded=\"false\">PEYRA, CARLOS<\/div>\n\t\t\t\t\t\t\t<\/div>\n\t\t\t<div class=\"elementor-tabs-content-wrapper\" role=\"tablist\" aria-orientation=\"vertical\">\n\t\t\t\t\t\t\t\t\t<div class=\"elementor-tab-title elementor-tab-mobile-title\" aria-selected=\"true\" data-tab=\"1\" role=\"tab\" tabindex=\"0\" aria-controls=\"elementor-tab-content-1281\" aria-expanded=\"false\">CARVAJAL URQUIJO, ISABEL<\/div>\n\t\t\t\t\t<div id=\"elementor-tab-content-1281\" class=\"elementor-tab-content elementor-clearfix\" data-tab=\"1\" role=\"tabpanel\" aria-labelledby=\"elementor-tab-title-1281\" tabindex=\"0\" hidden=\"false\"><div class=\"vc_row wpb_row vc_inner vc_row-fluid\"><div class=\"wpb_column vc_column_container vc_col-sm-3\"><div class=\"vc_column-inner\"><div class=\"wpb_wrapper\"><div class=\"wpb_single_image wpb_content_element vc_align_left\"><figure class=\"wpb_wrapper vc_figure\"><div class=\"vc_single_image-wrapper vc_box_border_grey\"><img decoding=\"async\" class=\"alignnone wp-image-3617 \" src=\"https:\/\/vfmsfoundation.org\/wp-content\/uploads\/2026\/04\/isabel-carvajal-bn-300x300.webp\" alt=\"\" width=\"180\" height=\"178\" \/><\/div><\/figure><\/div><\/div><\/div><\/div><div class=\"wpb_column vc_column_container vc_col-sm-9\"><div class=\"vc_column-inner\"><div class=\"wpb_wrapper\"><div class=\"wpb_text_column wpb_content_element \"><div class=\"wpb_wrapper\"><div class=\"nom\"><br \/><strong>ISABEL CARVAJAL URQUIJO, PhD<\/strong><\/div><p>DIRECTOR GENERAL | Santa Maria del Camino School, Madrid (Spain)<br \/>CONSEJER\u00cdA EDUCATIVA | Fundaci\u00f3n ELLA<\/p><\/div><\/div><\/div><\/div><\/div><\/div><div class=\"vc_separator wpb_content_element vc_separator_align_center vc_sep_width_100 vc_sep_pos_align_center vc_separator_no_text vc_custom_1482872967747 vc_custom_1482872967747\">\u00a0<\/div><div class=\"wpb_text_column wpb_content_element \"><div class=\"wpb_wrapper\"><p><strong>Especialidad:<\/strong><br \/>Educaci\u00f3n<\/p><p><strong>Biograf\u00eda:<br \/><\/strong><\/p><p><strong>Fundaci\u00f3n SHE (Ciencia, Salud y Educaci\u00f3n)<\/strong><br \/>Septiembre de 2008 \u2013 presente<br \/><strong>Responsable del \u00e1rea de Consejer\u00eda Educativa<\/strong> Promotora y supervisora \u200b\u200bde la implantaci\u00f3n del SI! Programa en Espa\u00f1a, Colombia, Estados Unidos y M\u00e9xico. Responsable de la creaci\u00f3n de material docente (relaci\u00f3n con Sesame Workshop), m\u00e9todo de trabajo, formaci\u00f3n al profesorado y Relaciones Institucionales en el \u00e1rea de Educaci\u00f3n de las Administraciones P\u00fablicas.<br \/><strong>Colegio Santa Mar\u00eda del Camino<\/strong><br \/>Octubre de 1987 &#8211; presente<br \/><strong>Director General<\/strong> Responsable del desarrollo de todas las actividades escolares, cuenta de resultados, profesorado, personal de administraci\u00f3n y servicios y seguimiento de clientes. Responsable de la comunicaci\u00f3n con los padres de los estudiantes.<br \/>Septiembre de 1998 \u2013 junio de 2008<br \/><strong>Director Acad\u00e9mico de Educaci\u00f3n Secundaria.<\/strong> Elaboraci\u00f3n de planes de estudios de Educaci\u00f3n Secundaria Obligatoria (E.S.O.) y Bachillerato, seguimiento de los programas acad\u00e9micos y seguimiento del alumnado.<br \/>Septiembre de 1987 &#8211; junio de 1998<br \/><strong>Director Acad\u00e9mico <\/strong> Elaboraci\u00f3n de programas de estudio de todas las etapas acad\u00e9micas del Colegio (Infantil, Secundaria, Primaria, Bachillerato), seguimiento de programas acad\u00e9micos y seguimiento de estudiantes.<br \/>Septiembre de 1987 \u2013 junio de 2013<br \/><strong>Profesora de biologia.<\/strong> Profesora responsable de la asignatura de Biolog\u00eda en Educaci\u00f3n Secundaria Obligatoria y Bachillerato (antes C.O.U.).<br \/><strong>Hospital Ram\u00f3n y Cajal<\/strong><br \/>Septiembre<br \/>1982-junio de 1987<br \/><strong>Investigadora (beca predoctoral).<\/strong> Realizando estudios de Doctorado en Biolog\u00eda, especialidad Citolog\u00eda. Elaboraci\u00f3n y publicaci\u00f3n de la tesis \u201cCrecimiento \u00f3seo bajo campos magn\u00e9ticos de baja intensidad\u201d (Universidad Complutense de Madrid).<\/p><\/div><\/div><div id=\"1466501679425-1236b7d2-b7dd\" class=\"vc_toggle vc_toggle_default vc_toggle_color_default vc_toggle_size_md vc_toggle_active\"><div class=\"vc_toggle_content\"><p><strong><br \/>Educaci\u00f3n<\/strong><\/p><table><tbody><tr><td><i>1986<\/i><\/td><td><b>PhD Cursos de Doctorado en Citolog\u00eda y Neurolog\u00eda<\/b>.td, <br \/>Universidad Complutense de Madrid.<\/td><\/tr><tr><td><i>1977 <\/i><\/td><td><b> Licenciatura en Biolog\u00eda. <\/b><br \/>Universidad Complutense de Madrid. Especialidad: Gen\u00e9tica y Fisiolog\u00eda<\/td><\/tr><\/tbody><\/table><p><b>informaci\u00f3n adicional<\/b><\/p><p>Agente de la Propiedad Industrial (Madrid, 2002).<br \/>Agente oficial de la empresa Clarke &amp; Modet Espa\u00f1a desde 2002.<br \/>Miembro del Consejo de Administraci\u00f3n de Clarke &amp; Modet y C\u00eda desde 2007<br \/>Fundaci\u00f3n ELLA. Presidenta del Consejo de Administraci\u00f3n desde 2011.<\/p><\/div><\/div><\/div>\n\t\t\t\t\t\t\t\t\t<div class=\"elementor-tab-title elementor-tab-mobile-title\" aria-selected=\"false\" data-tab=\"2\" role=\"tab\" tabindex=\"-1\" aria-controls=\"elementor-tab-content-1282\" aria-expanded=\"false\">BAXTER, JORGE<\/div>\n\t\t\t\t\t<div id=\"elementor-tab-content-1282\" class=\"elementor-tab-content elementor-clearfix\" data-tab=\"2\" role=\"tabpanel\" aria-labelledby=\"elementor-tab-title-1282\" tabindex=\"0\" hidden=\"hidden\"><div class=\"vc_row wpb_row vc_inner vc_row-fluid\"><div class=\"wpb_column vc_column_container vc_col-sm-3\"><div class=\"vc_column-inner\"><div class=\"wpb_wrapper\"><div class=\"wpb_single_image wpb_content_element vc_align_left\"><figure class=\"wpb_wrapper vc_figure\"><div class=\"vc_single_image-wrapper vc_box_border_grey\"><img decoding=\"async\" class=\"alignnone wp-image-3622 \" src=\"https:\/\/vfmsfoundation.org\/wp-content\/uploads\/2026\/04\/baxter-jorge-bn-300x300.webp\" alt=\"\" width=\"180\" height=\"180\" srcset=\"https:\/\/vfmsfoundation.org\/wp-content\/uploads\/2026\/04\/baxter-jorge-bn-300x300.webp 300w, https:\/\/vfmsfoundation.org\/wp-content\/uploads\/2026\/04\/baxter-jorge-bn-150x150.webp 150w, https:\/\/vfmsfoundation.org\/wp-content\/uploads\/2026\/04\/baxter-jorge-bn.webp 361w\" sizes=\"(max-width: 180px) 100vw, 180px\" \/><\/div><\/figure><\/div><\/div><\/div><\/div><div class=\"wpb_column vc_column_container vc_col-sm-9\"><div class=\"vc_column-inner\"><div class=\"wpb_wrapper\"><div class=\"wpb_text_column wpb_content_element \"><div class=\"wpb_wrapper\"><div class=\"nom\"><strong><br \/>JORGE BAXTER<\/strong><\/div><p>PROYECTOS EDUCATIVOS<br \/>Universidad de los Andes<\/p><\/div><\/div><\/div><\/div><\/div><\/div><div class=\"vc_separator wpb_content_element vc_separator_align_center vc_sep_width_100 vc_sep_pos_align_center vc_separator_no_text vc_custom_1482872967747 vc_custom_1482872967747\">\u00a0<\/div><div class=\"wpb_text_column wpb_content_element \"><div class=\"wpb_wrapper\"><p><strong>Biograf\u00eda:<br \/><\/strong><\/p><p>Jorge ha trabajado durante m\u00e1s de 25 a\u00f1os en los campos de la educaci\u00f3n, la salud, las artes y los medios de comunicaci\u00f3n. Jorge es doctor (PhD) en pol\u00edtica educativa internacional por la Universidad de Maryland. Actualmente es Decano y Director de Investigaci\u00f3n de la Facultad de Educaci\u00f3n de la Universidad de los Andes. Sus intereses de investigaci\u00f3n incluyen la educaci\u00f3n comparada, el cambio educativo en Am\u00e9rica Latina, la educaci\u00f3n y la sostenibilidad, el edutainment (educaci\u00f3n a trav\u00e9s del entretenimiento), la est\u00e9tica social y la educaci\u00f3n. Es organizador de un Festival anual de Cine sobre cine y educaci\u00f3n en el marco de la Conferencia Global de la Sociedad Internacional de Educaci\u00f3n Comparada (CIES).<\/p><p>La experiencia profesional previa de Jorge incluye ser cofundador de Mobilizarte (una ONG en Colombia que utiliza el cine y el arte para generar impacto social), Director para Am\u00e9rica Latina de Plaza S\u00e9samo (Sesame Street), Especialista en Educaci\u00f3n en la Organizaci\u00f3n de los Estados Americanos (OEA), Profesor adjunto en la Universidad George Washington y profesor de educaci\u00f3n secundaria en el Instituto Tecnol\u00f3gico de Monterrey, en M\u00e9xico.<\/p><\/div><\/div><\/div>\n\t\t\t\t\t\t\t\t\t<div class=\"elementor-tab-title elementor-tab-mobile-title\" aria-selected=\"false\" data-tab=\"3\" role=\"tab\" tabindex=\"-1\" aria-controls=\"elementor-tab-content-1283\" aria-expanded=\"false\">PERSAUD, JOHN<\/div>\n\t\t\t\t\t<div id=\"elementor-tab-content-1283\" class=\"elementor-tab-content elementor-clearfix\" data-tab=\"3\" role=\"tabpanel\" aria-labelledby=\"elementor-tab-title-1283\" tabindex=\"0\" hidden=\"hidden\"><div class=\"vc_row wpb_row vc_inner vc_row-fluid\"><div class=\"wpb_column vc_column_container vc_col-sm-12\"><div class=\"vc_column-inner\"><div class=\"wpb_wrapper\"><div class=\"wpb_text_column wpb_content_element \"><div class=\"wpb_wrapper\"><div class=\"nom\"><strong>JOHN A. PERSAUD<\/strong><\/div><p>DIRECTOR DE FINANZAS | Instituto Cardiovascular<br \/>Monte Sinai<\/p><\/div><\/div><\/div><\/div><\/div><\/div><div class=\"vc_separator wpb_content_element vc_separator_align_center vc_sep_width_100 vc_sep_pos_align_center vc_separator_no_text vc_custom_1482872967747 vc_custom_1482872967747\">\u00a0<\/div><div class=\"wpb_text_column wpb_content_element \"><div class=\"wpb_wrapper\"><p><strong>Biograf\u00eda:<br \/><\/strong><\/p><p>John Persaud es el Director de Finanzas del Instituto Cardiovascular (CVI). Se uni\u00f3 al CVI en 2005, despu\u00e9s de retirarse de la Divisi\u00f3n Financiera del Centro M\u00e9dico Mount Sinai, donde trabaj\u00f3 durante 35 a\u00f1os. Durante su mandato en la Divisi\u00f3n Financiera, fue responsable de la administraci\u00f3n y los informes financieros de las subvenciones y contratos externos de la instituci\u00f3n y de los fondos restringidos.<\/p><p>Entre sus muchas funciones en el CVI, es responsable, en conjunto con la Divisi\u00f3n Financiera de la instituci\u00f3n, de asegurar que se presente el IRS 990 de la Fundaci\u00f3n Mount Sinai Valent\u00edn Fuster y que el informe se distribuya al Patronato de la Fundaci\u00f3n. John tambi\u00e9n es responsable de las finanzas de la Fundaci\u00f3n, asegurando que los obsequios y donaciones se gasten adecuadamente de acuerdo con las instrucciones de los donantes.<\/p><p><strong>Educaci\u00f3n:<br \/><\/strong><\/p><p>ACCS Londres (Especialidad: Contabilidad),<br \/>HFM (Especialidad: Contabilidad y Fondos Restringidos),<br \/>Universidad de Cambridge GCE (Especialidad: Matem\u00e1ticas y Lengua Inglesa)<\/p><\/div><\/div><\/div>\n\t\t\t\t\t\t\t\t\t<div class=\"elementor-tab-title elementor-tab-mobile-title\" aria-selected=\"false\" data-tab=\"4\" role=\"tab\" tabindex=\"-1\" aria-controls=\"elementor-tab-content-1284\" aria-expanded=\"false\">PEYRA, CARLOS<\/div>\n\t\t\t\t\t<div id=\"elementor-tab-content-1284\" class=\"elementor-tab-content elementor-clearfix\" data-tab=\"4\" role=\"tabpanel\" aria-labelledby=\"elementor-tab-title-1284\" tabindex=\"0\" hidden=\"hidden\"><div class=\"vc_row wpb_row vc_inner vc_row-fluid\"><div class=\"wpb_column vc_column_container vc_col-sm-3\"><div class=\"vc_column-inner\"><div class=\"wpb_wrapper\"><div class=\"wpb_single_image wpb_content_element vc_align_left\"><figure class=\"wpb_wrapper vc_figure\"><div class=\"vc_single_image-wrapper vc_box_border_grey\"><img loading=\"lazy\" decoding=\"async\" class=\"alignnone wp-image-3627 \" src=\"https:\/\/vfmsfoundation.org\/wp-content\/uploads\/2026\/04\/carlos-peyra-bn-300x300.webp\" alt=\"\" width=\"180\" height=\"176\" \/><\/div><\/figure><\/div><\/div><\/div><\/div><div class=\"wpb_column vc_column_container vc_col-sm-9\"><div class=\"vc_column-inner\"><div class=\"wpb_wrapper\"><div class=\"wpb_text_column wpb_content_element \"><div class=\"wpb_wrapper\"><div class=\"nom\"><br \/><strong>CARLOS PEYRA, MBA<\/strong><\/div><p>GERENTE GENERAL | Fundaci\u00f3n ELLA<br \/>DIRECTOR SUPERIOR DE OPERACIONES, CARDIOLOG\u00cdA | Sistema de salud Monte Sina\u00ed<\/p><\/div><\/div><\/div><\/div><\/div><\/div><div class=\"vc_separator wpb_content_element vc_separator_align_center vc_sep_width_100 vc_sep_pos_align_center vc_separator_no_text vc_custom_1482872967747 vc_custom_1482872967747\">\u00a0<\/div><div class=\"wpb_text_column wpb_content_element \"><div class=\"wpb_wrapper\"><p><strong>Biograf\u00eda:<br \/><\/strong><\/p><p>Carlos inici\u00f3 su carrera profesional en Marketing como Product Manager de Panasonic en 1989.<\/p><p>Dos a\u00f1os m\u00e1s tarde se traslad\u00f3 al Grupo BBDP en Espa\u00f1a como Director de Cuentas y en 1994 se incorpor\u00f3 a Ogilvy Pr. En Barcelona (Bassat Ogilvy &amp; Mather) como director de oficina.<\/p><p>En 2002 Carlos se incorpor\u00f3 a T-Systems, filial de Deutsche Telekom en Espa\u00f1a, como Director de Marketing. Permaneci\u00f3 8 a\u00f1os, siempre como miembro del Consejo, pasando a ser tambi\u00e9n CIO, MD Portugal y Director General para Espa\u00f1a y Portugal a partir de 2008.<\/p><p>Posteriormente se traslad\u00f3 a las entidades sin \u00e1nimo de lucro como Director General de la Fundaci\u00f3n Internacional Ciencia Salud y Educaci\u00f3n (SHE) -siendo su presidente el Dr. Valent\u00edn Fuster- basada en la ciencia de la investigaci\u00f3n general y cl\u00ednica, su objetivo es promover la salud a trav\u00e9s de la comunicaci\u00f3n. y educaci\u00f3n del p\u00fablico.<br \/>Carles se incorpor\u00f3 a Mount Sinai Health System en 2014 como Director Senior de Operaciones en el Departamento de Cardiolog\u00eda, reportando al Dr. Fuster en un puesto conjunto entre Europa y EE. UU. En coordinaci\u00f3n con los equipos de Marketing y Comunicaciones y Desarrollo, se ha enfocado en la planificaci\u00f3n y ejecuci\u00f3n de actividades de recaudaci\u00f3n de fondos; comunicaci\u00f3n y construcci\u00f3n de relaciones con la comunidad; donantes y donantes potenciales, empleados del distrito a nivel administrativo; y supervisar las tareas administrativas de algunos de los proyectos de investigaci\u00f3n internacionales.<\/p><p>Carles siempre ha mostrado inter\u00e9s por Pr Online y Social Media involucr\u00e1ndose en diferentes iniciativas de Start up.<\/p><div class=\"vc_separator wpb_content_element vc_separator_align_center vc_sep_width_100 vc_sep_pos_align_center vc_separator_no_text vc_custom_1482872967747 vc_custom_1482872967747\">\u00a0<\/div><\/div><\/div><div id=\"1466501679425-1236b7d2-b7dd\" class=\"vc_toggle vc_toggle_default vc_toggle_color_default vc_toggle_size_md vc_toggle_active\"><div class=\"vc_toggle_content\"><p><strong>Educaci\u00f3n<\/strong><\/p><p>MBA y Graduado, Escuela de Administraci\u00f3n de Empresas ESADE \u2013 Universitat Ramon Llull, Barcelona (Espa\u00f1a)<br \/>Programa de Postgrado PDG, IESE \u2013Universidad de Navarra (Espa\u00f1a)<br \/>Programa de Liderazgo, Instituto de Empresa Madrid (Espa\u00f1a)<br \/>Programa de Comportamiento del Consumidor de UC Berkeley \u2013Universidad de California (EE.UU.)<\/p><\/div><\/div><\/div>\n\t\t\t\t\t\t\t<\/div>\n\t\t<\/div>\n\t\t\t\t<\/div>\n\t\t\t\t<\/div>\n\t\t\t\t\t<\/div>\n\t\t<\/div>\n\t\t\t\t\t<\/div>\n\t\t<\/section>\n\t\t\t\t<\/div>\n\t\t","protected":false},"excerpt":{"rendered":"<p>DIRECCI\u00d3N CARVAJAL URQUIJO, ISABEL BAXTER, JORGE PERSAUD, JOHN PEYRA, CARLOS CARVAJAL URQUIJO, ISABEL ISABEL CARVAJAL URQUIJO, PhD DIRECTOR GENERAL | Santa Maria del Camino School, Madrid (Spain)CONSEJER\u00cdA EDUCATIVA | Fundaci\u00f3n ELLA \u00a0 Especialidad:Educaci\u00f3n Biograf\u00eda: Fundaci\u00f3n SHE (Ciencia, Salud y Educaci\u00f3n)Septiembre de 2008 \u2013 presenteResponsable del \u00e1rea de Consejer\u00eda Educativa Promotora y supervisora \u200b\u200bde la implantaci\u00f3n [&hellip;]<\/p>\n","protected":false},"author":1,"featured_media":0,"parent":0,"menu_order":0,"comment_status":"closed","ping_status":"closed","template":"","meta":{"site-sidebar-layout":"no-sidebar","site-content-layout":"page-builder","ast-site-content-layout":"full-width-container","site-content-style":"default","site-sidebar-style":"default","ast-global-header-display":"","ast-banner-title-visibility":"","ast-main-header-display":"","ast-hfb-above-header-display":"","ast-hfb-below-header-display":"","ast-hfb-mobile-header-display":"","site-post-title":"disabled","ast-breadcrumbs-content":"","ast-featured-img":"disabled","footer-sml-layout":"","theme-transparent-header-meta":"default","adv-header-id-meta":"","stick-header-meta":"default","header-above-stick-meta":"","header-main-stick-meta":"","header-below-stick-meta":"","astra-migrate-meta-layouts":"set","ast-page-background-enabled":"default","ast-page-background-meta":{"desktop":{"background-color":"var(--ast-global-color-4)","background-image":"","background-repeat":"repeat","background-position":"center center","background-size":"auto","background-attachment":"scroll","background-type":"","background-media":"","overlay-type":"","overlay-color":"","overlay-opacity":"","overlay-gradient":""},"tablet":{"background-color":"","background-image":"","background-repeat":"repeat","background-position":"center center","background-size":"auto","background-attachment":"scroll","background-type":"","background-media":"","overlay-type":"","overlay-color":"","overlay-opacity":"","overlay-gradient":""},"mobile":{"background-color":"","background-image":"","background-repeat":"repeat","background-position":"center center","background-size":"auto","background-attachment":"scroll","background-type":"","background-media":"","overlay-type":"","overlay-color":"","overlay-opacity":"","overlay-gradient":""}},"ast-content-background-meta":{"desktop":{"background-color":"var(--ast-global-color-5)","background-image":"","background-repeat":"repeat","background-position":"center center","background-size":"auto","background-attachment":"scroll","background-type":"","background-media":"","overlay-type":"","overlay-color":"","overlay-opacity":"","overlay-gradient":""},"tablet":{"background-color":"var(--ast-global-color-5)","background-image":"","background-repeat":"repeat","background-position":"center center","background-size":"auto","background-attachment":"scroll","background-type":"","background-media":"","overlay-type":"","overlay-color":"","overlay-opacity":"","overlay-gradient":""},"mobile":{"background-color":"var(--ast-global-color-5)","background-image":"","background-repeat":"repeat","background-position":"center center","background-size":"auto","background-attachment":"scroll","background-type":"","background-media":"","overlay-type":"","overlay-color":"","overlay-opacity":"","overlay-gradient":""}},"footnotes":""},"class_list":["post-3220","page","type-page","status-publish","hentry"],"yoast_head":"<!-- This site is optimized with the Yoast SEO plugin v23.5 - https:\/\/yoast.com\/wordpress\/plugins\/seo\/ -->\n<title>DIRECCI\u00d3N - VFMS Foundation<\/title>\n<meta name=\"description\" content=\"Descubra nuestro diverso equipo cient\u00edfico global en VFMS. Con experiencia en una amplia gama de disciplinas, nuestros cient\u00edficos est\u00e1n comprometidos con la excelencia en la investigaci\u00f3n y el avance del conocimiento en todo el mundo.\" \/>\n<meta name=\"robots\" content=\"index, follow, max-snippet:-1, max-image-preview:large, max-video-preview:-1\" \/>\n<link rel=\"canonical\" href=\"https:\/\/vfmsfoundation.org\/es\/global-management-isabel-carvajal\/\" \/>\n<meta property=\"og:locale\" content=\"es_ES\" \/>\n<meta property=\"og:type\" content=\"article\" \/>\n<meta property=\"og:title\" content=\"DIRECCI\u00d3N - VFMS Foundation\" \/>\n<meta property=\"og:description\" content=\"Descubra nuestro diverso equipo cient\u00edfico global en VFMS. Con experiencia en una amplia gama de disciplinas, nuestros cient\u00edficos est\u00e1n comprometidos con la excelencia en la investigaci\u00f3n y el avance del conocimiento en todo el mundo.\" \/>\n<meta property=\"og:url\" content=\"https:\/\/vfmsfoundation.org\/es\/global-management-isabel-carvajal\/\" \/>\n<meta property=\"og:site_name\" content=\"VFMS Foundation\" \/>\n<meta property=\"article:modified_time\" content=\"2026-04-23T12:32:59+00:00\" \/>\n<meta property=\"og:image\" content=\"https:\/\/vfmsfoundation.org\/wp-content\/uploads\/2024\/04\/global_team_m.png\" \/>\n<meta name=\"twitter:card\" content=\"summary_large_image\" \/>\n<meta name=\"twitter:label1\" content=\"Tiempo de lectura\" \/>\n\t<meta name=\"twitter:data1\" content=\"6 minutos\" \/>\n<script type=\"application\/ld+json\" class=\"yoast-schema-graph\">{\"@context\":\"https:\/\/schema.org\",\"@graph\":[{\"@type\":\"WebPage\",\"@id\":\"https:\/\/vfmsfoundation.org\/es\/global-management-isabel-carvajal\/\",\"url\":\"https:\/\/vfmsfoundation.org\/es\/global-management-isabel-carvajal\/\",\"name\":\"DIRECCI\u00d3N - VFMS Foundation\",\"isPartOf\":{\"@id\":\"https:\/\/vfmsfoundation.org\/es\/#website\"},\"primaryImageOfPage\":{\"@id\":\"https:\/\/vfmsfoundation.org\/es\/global-management-isabel-carvajal\/#primaryimage\"},\"image\":{\"@id\":\"https:\/\/vfmsfoundation.org\/es\/global-management-isabel-carvajal\/#primaryimage\"},\"thumbnailUrl\":\"https:\/\/vfmsfoundation.org\/wp-content\/uploads\/2024\/04\/global_team_m.png\",\"datePublished\":\"2024-03-27T11:34:11+00:00\",\"dateModified\":\"2026-04-23T12:32:59+00:00\",\"description\":\"Descubra nuestro diverso equipo cient\u00edfico global en VFMS. Con experiencia en una amplia gama de disciplinas, nuestros cient\u00edficos est\u00e1n comprometidos con la excelencia en la investigaci\u00f3n y el avance del conocimiento en todo el mundo.\",\"breadcrumb\":{\"@id\":\"https:\/\/vfmsfoundation.org\/es\/global-management-isabel-carvajal\/#breadcrumb\"},\"inLanguage\":\"es\",\"potentialAction\":[{\"@type\":\"ReadAction\",\"target\":[\"https:\/\/vfmsfoundation.org\/es\/global-management-isabel-carvajal\/\"]}]},{\"@type\":\"ImageObject\",\"inLanguage\":\"es\",\"@id\":\"https:\/\/vfmsfoundation.org\/es\/global-management-isabel-carvajal\/#primaryimage\",\"url\":\"https:\/\/vfmsfoundation.org\/wp-content\/uploads\/2024\/04\/global_team_m.png\",\"contentUrl\":\"https:\/\/vfmsfoundation.org\/wp-content\/uploads\/2024\/04\/global_team_m.png\"},{\"@type\":\"BreadcrumbList\",\"@id\":\"https:\/\/vfmsfoundation.org\/es\/global-management-isabel-carvajal\/#breadcrumb\",\"itemListElement\":[{\"@type\":\"ListItem\",\"position\":1,\"name\":\"Portada\",\"item\":\"https:\/\/vfmsfoundation.org\/es\/\"},{\"@type\":\"ListItem\",\"position\":2,\"name\":\"DIRECCI\u00d3N\"}]},{\"@type\":\"WebSite\",\"@id\":\"https:\/\/vfmsfoundation.org\/es\/#website\",\"url\":\"https:\/\/vfmsfoundation.org\/es\/\",\"name\":\"VFMS Foundation\",\"description\":\"Discover how the Valentin Fuster Mount Sinai Foundation is making a difference in global health.\",\"publisher\":{\"@id\":\"https:\/\/vfmsfoundation.org\/es\/#organization\"},\"potentialAction\":[{\"@type\":\"SearchAction\",\"target\":{\"@type\":\"EntryPoint\",\"urlTemplate\":\"https:\/\/vfmsfoundation.org\/es\/?s={search_term_string}\"},\"query-input\":{\"@type\":\"PropertyValueSpecification\",\"valueRequired\":true,\"valueName\":\"search_term_string\"}}],\"inLanguage\":\"es\"},{\"@type\":\"Organization\",\"@id\":\"https:\/\/vfmsfoundation.org\/es\/#organization\",\"name\":\"VFMS Foundation\",\"url\":\"https:\/\/vfmsfoundation.org\/es\/\",\"logo\":{\"@type\":\"ImageObject\",\"inLanguage\":\"es\",\"@id\":\"https:\/\/vfmsfoundation.org\/es\/#\/schema\/logo\/image\/\",\"url\":\"https:\/\/vfmsfoundation.org\/wp-content\/uploads\/2022\/11\/logo-cor-anim_2-1.gif\",\"contentUrl\":\"https:\/\/vfmsfoundation.org\/wp-content\/uploads\/2022\/11\/logo-cor-anim_2-1.gif\",\"width\":660,\"height\":200,\"caption\":\"VFMS Foundation\"},\"image\":{\"@id\":\"https:\/\/vfmsfoundation.org\/es\/#\/schema\/logo\/image\/\"}}]}<\/script>\n<!-- \/ Yoast SEO plugin. -->","yoast_head_json":{"title":"DIRECCI\u00d3N - VFMS Foundation","description":"Descubra nuestro diverso equipo cient\u00edfico global en VFMS. Con experiencia en una amplia gama de disciplinas, nuestros cient\u00edficos est\u00e1n comprometidos con la excelencia en la investigaci\u00f3n y el avance del conocimiento en todo el mundo.","robots":{"index":"index","follow":"follow","max-snippet":"max-snippet:-1","max-image-preview":"max-image-preview:large","max-video-preview":"max-video-preview:-1"},"canonical":"https:\/\/vfmsfoundation.org\/es\/global-management-isabel-carvajal\/","og_locale":"es_ES","og_type":"article","og_title":"DIRECCI\u00d3N - VFMS Foundation","og_description":"Descubra nuestro diverso equipo cient\u00edfico global en VFMS. Con experiencia en una amplia gama de disciplinas, nuestros cient\u00edficos est\u00e1n comprometidos con la excelencia en la investigaci\u00f3n y el avance del conocimiento en todo el mundo.","og_url":"https:\/\/vfmsfoundation.org\/es\/global-management-isabel-carvajal\/","og_site_name":"VFMS Foundation","article_modified_time":"2026-04-23T12:32:59+00:00","og_image":[{"url":"https:\/\/vfmsfoundation.org\/wp-content\/uploads\/2024\/04\/global_team_m.png"}],"twitter_card":"summary_large_image","twitter_misc":{"Tiempo de lectura":"6 minutos"},"schema":{"@context":"https:\/\/schema.org","@graph":[{"@type":"WebPage","@id":"https:\/\/vfmsfoundation.org\/es\/global-management-isabel-carvajal\/","url":"https:\/\/vfmsfoundation.org\/es\/global-management-isabel-carvajal\/","name":"DIRECCI\u00d3N - VFMS Foundation","isPartOf":{"@id":"https:\/\/vfmsfoundation.org\/es\/#website"},"primaryImageOfPage":{"@id":"https:\/\/vfmsfoundation.org\/es\/global-management-isabel-carvajal\/#primaryimage"},"image":{"@id":"https:\/\/vfmsfoundation.org\/es\/global-management-isabel-carvajal\/#primaryimage"},"thumbnailUrl":"https:\/\/vfmsfoundation.org\/wp-content\/uploads\/2024\/04\/global_team_m.png","datePublished":"2024-03-27T11:34:11+00:00","dateModified":"2026-04-23T12:32:59+00:00","description":"Descubra nuestro diverso equipo cient\u00edfico global en VFMS. Con experiencia en una amplia gama de disciplinas, nuestros cient\u00edficos est\u00e1n comprometidos con la excelencia en la investigaci\u00f3n y el avance del conocimiento en todo el mundo.","breadcrumb":{"@id":"https:\/\/vfmsfoundation.org\/es\/global-management-isabel-carvajal\/#breadcrumb"},"inLanguage":"es","potentialAction":[{"@type":"ReadAction","target":["https:\/\/vfmsfoundation.org\/es\/global-management-isabel-carvajal\/"]}]},{"@type":"ImageObject","inLanguage":"es","@id":"https:\/\/vfmsfoundation.org\/es\/global-management-isabel-carvajal\/#primaryimage","url":"https:\/\/vfmsfoundation.org\/wp-content\/uploads\/2024\/04\/global_team_m.png","contentUrl":"https:\/\/vfmsfoundation.org\/wp-content\/uploads\/2024\/04\/global_team_m.png"},{"@type":"BreadcrumbList","@id":"https:\/\/vfmsfoundation.org\/es\/global-management-isabel-carvajal\/#breadcrumb","itemListElement":[{"@type":"ListItem","position":1,"name":"Portada","item":"https:\/\/vfmsfoundation.org\/es\/"},{"@type":"ListItem","position":2,"name":"DIRECCI\u00d3N"}]},{"@type":"WebSite","@id":"https:\/\/vfmsfoundation.org\/es\/#website","url":"https:\/\/vfmsfoundation.org\/es\/","name":"VFMS Foundation","description":"Discover how the Valentin Fuster Mount Sinai Foundation is making a difference in global health.","publisher":{"@id":"https:\/\/vfmsfoundation.org\/es\/#organization"},"potentialAction":[{"@type":"SearchAction","target":{"@type":"EntryPoint","urlTemplate":"https:\/\/vfmsfoundation.org\/es\/?s={search_term_string}"},"query-input":{"@type":"PropertyValueSpecification","valueRequired":true,"valueName":"search_term_string"}}],"inLanguage":"es"},{"@type":"Organization","@id":"https:\/\/vfmsfoundation.org\/es\/#organization","name":"VFMS Foundation","url":"https:\/\/vfmsfoundation.org\/es\/","logo":{"@type":"ImageObject","inLanguage":"es","@id":"https:\/\/vfmsfoundation.org\/es\/#\/schema\/logo\/image\/","url":"https:\/\/vfmsfoundation.org\/wp-content\/uploads\/2022\/11\/logo-cor-anim_2-1.gif","contentUrl":"https:\/\/vfmsfoundation.org\/wp-content\/uploads\/2022\/11\/logo-cor-anim_2-1.gif","width":660,"height":200,"caption":"VFMS Foundation"},"image":{"@id":"https:\/\/vfmsfoundation.org\/es\/#\/schema\/logo\/image\/"}}]}},"_links":{"self":[{"href":"https:\/\/vfmsfoundation.org\/es\/wp-json\/wp\/v2\/pages\/3220"}],"collection":[{"href":"https:\/\/vfmsfoundation.org\/es\/wp-json\/wp\/v2\/pages"}],"about":[{"href":"https:\/\/vfmsfoundation.org\/es\/wp-json\/wp\/v2\/types\/page"}],"author":[{"embeddable":true,"href":"https:\/\/vfmsfoundation.org\/es\/wp-json\/wp\/v2\/users\/1"}],"replies":[{"embeddable":true,"href":"https:\/\/vfmsfoundation.org\/es\/wp-json\/wp\/v2\/comments?post=3220"}],"version-history":[{"count":28,"href":"https:\/\/vfmsfoundation.org\/es\/wp-json\/wp\/v2\/pages\/3220\/revisions"}],"predecessor-version":[{"id":3631,"href":"https:\/\/vfmsfoundation.org\/es\/wp-json\/wp\/v2\/pages\/3220\/revisions\/3631"}],"wp:attachment":[{"href":"https:\/\/vfmsfoundation.org\/es\/wp-json\/wp\/v2\/media?parent=3220"}],"curies":[{"name":"wp","href":"https:\/\/api.w.org\/{rel}","templated":true}]}}